{"id":388,"date":"2014-04-29T06:42:22","date_gmt":"2014-04-29T05:42:22","guid":{"rendered":"http:\/\/www.fondationhardt.ch\/?page_id=388"},"modified":"2026-02-23T13:10:30","modified_gmt":"2026-02-23T11:10:30","slug":"archives_en","status":"publish","type":"page","link":"https:\/\/www.fondationhardt.ch\/en\/title1\/archives_en\/","title":{"rendered":"Past Conferences and events"},"content":{"rendered":"\n<p><strong>11th February 2026, 12pm, Palais Eynard<\/strong><br>Presentation of Georges Kalpadakis\u2019 Book:<br><em>Une conf\u00e9d\u00e9ration des Balkans: le projet de Jean Capodistrias.<br>Ecrits in\u00e9dits de Jean Capodistrias \u00e0 Nesselrode (1828)<\/em>.<br>Details and inscriptions\u00a0<a href=\"https:\/\/www.fondationhardt.ch\/wp-content\/uploads\/2026\/01\/Invitation-presentation-Livre-Capodistrias_11.02.2026.pdf\">here<\/a>.<\/p>\n\n\n\n<p><\/p>\n\n\n\n<p><strong>Thursday, 9th October 2025, 6pm<\/strong><br>\u201cHermog\u00e8ne \u00e0 Gen\u00e8ve: retour d\u2019un livre rare \u00e0 la Biblioth\u00e8que de Gen\u00e8ve\u201d.<br>See&nbsp;<a href=\"https:\/\/www.fondationhardt.ch\/wp-content\/uploads\/2025\/09\/Conference-Hermogene-1.pdf\">programme<\/a>.<\/p>\n\n\n\n<p><\/p>\n\n\n\n<p><strong>25th-29th of August, 2025<br><em>LXXI Entretiens<\/em><br>\u00ab&nbsp;Revisiting Plato\u2019s&nbsp;<em>Republic<\/em>&nbsp;VIII-IX&nbsp;\u00bb, prepared by Voula Tsouna and Angelos Chaniotis<br><\/strong>See the&nbsp;<a href=\"https:\/\/www.fondationhardt.ch\/wp-content\/uploads\/2025\/08\/Entretiens-71-2025-programme_2025_07_28.pdf\">programme<\/a>&nbsp;for the 71st&nbsp;<em>Entretiens<\/em>.<\/p>\n\n\n\n<p><strong>Fondation Hardt Annual Lecture in Ancient Philosophy: &#8220;Plato&#8217;s Myth of Atlantis: Truth and Poetry&#8221;<\/strong><br>by Dorothea Frede, Professor Emerita at the University of Hamburg<br>Thursday, the 22nd of May 2025, 5pm in the Orangerie. See the <a href=\"https:\/\/www.fondationhardt.ch\/wp-content\/uploads\/2025\/05\/Fondation-Hardt-Annual-Lecture-in-Ancient-Philosophy.pdf\">programme<\/a>.<\/p>\n\n\n<p><strong>May 14, 2025<\/strong><br \/><strong data-rich-text-format-boundary=\"true\">Hardt Conferences on Classical Antiquity:<br data-rich-text-line-break=\"true\" \/>&#8220;Ancient Sparta Today&#8221;, by Prof. Paul Cartledge<\/strong>, (Cambridge University)<br data-rich-text-line-break=\"true\" \/>Free entry. More informations on this <a href=\"https:\/\/www.fondationhardt.ch\/wp-content\/uploads\/2025\/05\/la-confe%CC%81rence-est-de%CC%81place%CC%81e-a%CC%80-Uni-Mail-salle-S150.pdf\">link.<\/a><\/p>\n<p><strong>November 1-30, 2024<br \/><\/strong>Exhibition \u00ab Growing up in Antiquity \u00bb, Quai Wilson<br \/><strong>November 11, 2024 <\/strong>Palais Eynard<br \/>Conference by V\u00e9ronique Dasen, \u00ab Les mille premiers jours dans l\u2019Antiquit\u00e9 classique (The first thousand days in classical Antiquity) \u00bb<br \/>See the details of the exhibition and conference <a href=\"https:\/\/www.fondationhardt.ch\/wp-content\/uploads\/2024\/10\/Exposition-Conference-Novembre2024-1.pdf\">here<\/a>.<\/p>\n<p><strong data-rich-text-format-boundary=\"true\">October 2 to 5, 2024 <\/strong><strong>\u00ab Power, Religion and Aesthetics in Late Antiquity \u00bb\/\/<br \/><\/strong>Organized by Andreas Abele, Seraina Ruprecht and John Weisweiler.<br \/>See the <a href=\"https:\/\/www.fondationhardt.ch\/wp-content\/uploads\/2024\/09\/Symmachus_Programme_final.pdf\">program<\/a> of the colloquium.<\/p>\n<p><strong>September 2-6, 2024<br \/><em>LXX Entretiens<\/em><br \/>\u00ab At the dawn of the novel : narrative fiction in the Augustan century \u00bb<br \/><\/strong>See the <a href=\"https:\/\/www.fondationhardt.ch\/wp-content\/uploads\/2024\/01\/Entretiens-70-2024-programme_2023_12_12.pdf\">programme<\/a>.<\/p>\n<p>June 4, 2024<strong><br \/><\/strong>Conference at the Hardt Foundation: <strong>\u00ab<\/strong>\u00a0<strong>Plato on Forgetfulness<\/strong>\u00a0<strong>\u00bb<\/strong><strong><br \/><\/strong>by Prof. G\u00e1bor Betegh (Christ\u2019s College, Cambridge)<br \/>See the conference <a href=\"https:\/\/www.fondationhardt.ch\/wp-content\/uploads\/2024\/05\/Fondation-Hardt-Annual-Lecture-in-Ancient-Philosophy.pdf\">programme<\/a>.<\/p>\n<p>May 2, 2024<br \/>Conference at Uni Mail, organised by Unige and Hardt Foundation<br \/><strong>\u00ab L\u2019Antiquit\u00e9 aujourd\u2019hui : entre m\u00e9lancolie, utopie et usage toxique \u00bb<\/strong><br \/>by Prof. Giusto Traina\u00a0(Universit\u00e9 Paris-Sorbonne)<br \/>See the conference<a href=\"https:\/\/www.fondationhardt.ch\/wp-content\/uploads\/2024\/04\/Traina_Invit.Conf_.03.05.2024_final.pdf\">\u00a0invitation<\/a>\u00a0and the\u00a0<a href=\"https:\/\/www.fondationhardt.ch\/wp-content\/uploads\/2024\/04\/Affiches-traina-02-04-2024.pdf\">poster<\/a>.<\/p>\n<p>October 13, 2023<br \/>Conf\u00e9rence annuelle de la Fondation Hardt : <strong>\u00ab Les espaces du savoir dans l\u2019Antiquit\u00e9 \u00bb<br \/><\/strong>See the conference\u00a0<a href=\"https:\/\/www.fondationhardt.ch\/wp-content\/uploads\/2023\/09\/Programme.conf_.an_.2023_Final_Page_2.jpg\">programme<\/a>.<\/p>\n<p>August 21 &#8211; 25, 2023<br \/><em>Entretiens LXIX<br \/><\/em><strong>\u00ab Spaces for Learning in Antiquity \u00bb<br \/><\/strong>See the <a href=\"https:\/\/www.fondationhardt.ch\/wp-content\/uploads\/2023\/06\/Entretiens-69-2023-programme_2023_06_15-1.pdf\">programme<\/a>\u00a0des <em>Entretiens LXIX.<\/em><\/p>\n<p>May 17, 2023<strong><br \/><\/strong>Fondation Hardt Annual Lecture in Ancient Philosophy :<br \/><strong>\u00ab Classical Scholarship and Ancient Philosophy\u00bb<br \/><\/strong>See the\u00a0<a href=\"https:\/\/www.fondationhardt.ch\/wp-content\/uploads\/2023\/05\/Fondation-Hardt-Annual-Lecture-in-Ancient-Philosophy-Invitation.pdf\">programme<\/a>.<\/p>\n<p>May 3, 2023<strong><br \/><\/strong>Invitation to three conferences at the Hardt Foundation<br \/><strong>\u00ab Regards sur Corfou et l\u2019\u00c9pire \u00bb<\/strong><br \/>See the\u00a0<a href=\"https:\/\/www.fondationhardt.ch\/wp-content\/uploads\/2023\/04\/Invitation_Corfou_mai_2023_v4_high.pdf\">programme<\/a>.<\/p>\n<p>February 2-4, 2023<br \/>ESAG Swiss School of Archaeology in Greece<br \/>Round Table at the Hardt Foundation<br \/>\u00ab <strong>Reconstructing Greek Sacred Landscapes<\/strong> \u00bb<br \/>See the\u00a0<a href=\"https:\/\/www.fondationhardt.ch\/wp-content\/uploads\/2023\/01\/ESAG_RT23_programme_02-04.02.2023.pdf\">programme<\/a>.<\/p>\n<p>December 12, 2022<br \/>Publication de l\u2019\u00e9dition grecque du Catalogue de l\u2019Exposition \u00ab\u00a0<strong>Gen\u00e8ve et la Gr\u00e8ce. Une amiti\u00e9 au service de l\u2019ind\u00e9pendance<\/strong>\u00a0\u00bb.<br \/>Le lancement du volume a eu lieu \u00e0 Ath\u00e8nes au si\u00e8ge des \u00e9ditions MELISSA.<br \/>Voir l\u2019<a href=\"https:\/\/www.fondationhardt.ch\/wp-content\/uploads\/2022\/12\/Catalogue-grec_invitation_Final_1.12.pdf\">invitation<\/a>.<\/p>\n<p>October 14, 2022<br \/>Annual Conference of the Hardt Foundation:\u00a0<strong>Les concepts de la g\u00e9ographie grecque<br \/><\/strong>See the conference <a href=\"https:\/\/www.fondationhardt.ch\/wp-content\/uploads\/2022\/10\/Programme_Conf.an_.2022_pour-site-WEB-FH.pdf\">programme<\/a>.<\/p>\n<p>September 23, 2022<br \/>Journ\u00e9e d\u2019\u00e9tude \u00e0 Corfou<br \/><strong>Ioannis Capodistrias et les liens historiques des \u00eeles ioniennes avec Gen\u00e8ve<br \/><\/strong>Voir le\u00a0<a href=\"https:\/\/www.fondationhardt.ch\/wp-content\/uploads\/2022\/09\/Programme-16.9_-FR.pdf\">programme<\/a>, l\u2019<a href=\"https:\/\/www.fondationhardt.ch\/wp-content\/uploads\/2022\/09\/INVITATION_FR-%CE%A4%CE%95%CE%9B%CE%99%CE%9A%CE%9F-%CE%A8%CE%97%CE%A6%CE%99%CE%91%CE%9A%CE%9F.pdf\">invitation<\/a>\u00a0et le\u00a0<a href=\"https:\/\/www.fondationhardt.ch\/wp-content\/uploads\/2022\/09\/Com_.presse-Colloque-Corfou_19.09.2022.pdf\">communiqu\u00e9 de presse<\/a>.<strong><br \/><\/strong><em>Voir les communications en ligne sur la cha\u00eene Youtube de la R\u00e9gion des \u00eeles ioniennes<\/em><strong>\u00a0:\u00a0<a href=\"https:\/\/www.youtube.com\/channel\/UCWytaS7IuEAfTbPckL-1zag\">\u03a0\u0395\u03a1\u0399\u03a6\u0395\u03a1\u0395\u0399\u0391 \u0399\u039f\u039d\u0399\u03a9\u039d \u039d\u0397\u03a3\u03a9\u039d \u2013 YouTube<\/a><\/strong><\/p>\n<p>September 1 \u2013 3, 2022<br \/><strong>Usages identitaires de l\u2019Antiquit\u00e9. H\u00e9g\u00e9monie culturelle, appropriation, \u00e9mancipation\u00a0<\/strong><em><br \/><\/em>See the conference\u00a0<a href=\"https:\/\/www.fondationhardt.ch\/wp-content\/uploads\/2022\/08\/Programme_Colloque_1-3.09.22_Usages-Antiquite%CC%81.pdf\">programme<\/a>.<\/p>\n<p>August 22 &#8211; 26, 2022<br \/><em>Entretiens LXVIII<br \/><\/em><strong>\u00ab Concepts of Greek Geography \u00bb<br \/><\/strong>Voir le\u00a0<a href=\"https:\/\/www.fondationhardt.ch\/wp-content\/uploads\/2022\/08\/Entretiens-68-2022-programme_2022_08_11.pdf\">programme<\/a>\u00a0des <em>Entretiens LXVIII.<br \/><\/em><\/p>\n<p>June 10 \u2013 11, 2022<br \/><strong>The city\u2019s finest: exploring notions of \u201curbanity\u201d between East and West, from antiquity to the Middle Ages<\/strong><br \/>See the conference <a href=\"https:\/\/www.fondationhardt.ch\/wp-content\/uploads\/2022\/05\/Programme-Colloque-Unige-Lovato_10-11.06.2022_The-citys-finest.pdf\">programme<\/a>.<\/p>\n<p>May 20 \u2013 21, 2022<br \/><strong>Twenty Ways of Reading Seamus Heaney\u2019s\u00a0<em>Aeneid Book VI<\/em><\/strong><br \/>See the conference <a href=\"https:\/\/www.fondationhardt.ch\/wp-content\/uploads\/2022\/05\/Programme-Colloque-Unige-Nelis_20-21.05.2022_SeamusHeaney.pdf\">programme<\/a> and the <a href=\"https:\/\/www.fondationhardt.ch\/wp-content\/uploads\/2022\/05\/Affiche-Colloque-Unige-Nelis_20-21.05.202_SeamusHeaney.pdf\">poster<\/a>.<\/p>\n<p>April 29 \u2013 30, 2022<br \/><strong>Beyond Vision<\/strong><br \/>See the conference <a href=\"https:\/\/www.fondationhardt.ch\/wp-content\/uploads\/2022\/05\/Programme-Colloque-Unige-Ierodiakonou_29-30.04.2022_-BEYOND-V.pdf\">programme<\/a>.<\/p>\n<p>April 27, 2022<strong><br \/><\/strong>Conf\u00e9rence \u00e0 l\u2019orangerie de la Fondation Hardt :<strong><br \/>\u00ab Regards sur la Sicile antique \u00bb<br \/><\/strong>See the\u00a0<a href=\"https:\/\/www.fondationhardt.ch\/wp-content\/uploads\/2022\/04\/Invitation_2022_v2.pdf\">programme<\/a><strong>.<\/strong><\/p>\n<p><strong>From 2011 till 2023<\/strong><\/p>\n<p>See the\u00a0<a href=\"https:\/\/www.fondationhardt.ch\/wp-content\/uploads\/2024\/01\/Liste-des-colloques-de-2011-a-2023.pdf\">list<\/a>\u00a0of the past conferences and events.<\/p>","protected":false},"excerpt":{"rendered":"<p>11th February 2026, 12pm, Palais EynardPresentation of Georges Kalpadakis\u2019 Book:Une conf\u00e9d\u00e9ration des Balkans: le projet de Jean Capodistrias.Ecrits in\u00e9dits de Jean Capodistrias \u00e0 Nesselrode (1828).Details and inscriptions\u00a0here. Thursday, 9th October 2025, 6pm\u201cHermog\u00e8ne \u00e0 Gen\u00e8ve: retour d\u2019un livre rare \u00e0 la Biblioth\u00e8que de Gen\u00e8ve\u201d.See&nbsp;programme. 25th-29th of August, 2025LXXI Entretiens\u00ab&nbsp;Revisiting Plato\u2019s&nbsp;Republic&nbsp;VIII-IX&nbsp;\u00bb, prepared by Voula Tsouna and Angelos [&hellip;]<\/p>\n","protected":false},"author":1,"featured_media":1664,"parent":384,"menu_order":0,"comment_status":"open","ping_status":"closed","template":"","meta":{"footnotes":""},"class_list":["post-388","page","type-page","status-publish","has-post-thumbnail","hentry"],"acf":[],"yoast_head":"<!-- This site is optimized with the Yoast SEO plugin v19.10 - https:\/\/yoast.com\/wordpress\/plugins\/seo\/ -->\n<title>Past Conferences and events<\/title>\n<meta name=\"description\" content=\"Programmes of events held at the Hardt Foundation\" \/>\n<meta name=\"robots\" content=\"index, follow, max-snippet:-1, max-image-preview:large, max-video-preview:-1\" \/>\n<link rel=\"canonical\" href=\"https:\/\/www.fondationhardt.ch\/en\/title1\/archives_en\/\" \/>\n<meta property=\"og:locale\" content=\"en_US\" \/>\n<meta property=\"og:type\" content=\"article\" \/>\n<meta property=\"og:title\" content=\"Past Conferences and events\" \/>\n<meta property=\"og:description\" content=\"Programmes of events held at the Hardt Foundation\" \/>\n<meta property=\"og:url\" content=\"https:\/\/www.fondationhardt.ch\/en\/title1\/archives_en\/\" \/>\n<meta property=\"og:site_name\" content=\"Fondation Hardt\" \/>\n<meta property=\"article:modified_time\" content=\"2026-02-23T11:10:30+00:00\" \/>\n<meta property=\"og:image\" content=\"https:\/\/www.fondationhardt.ch\/wp-content\/uploads\/2014\/04\/Colloques-pass\u00e9s.jpg\" \/>\n\t<meta property=\"og:image:width\" content=\"1800\" \/>\n\t<meta property=\"og:image:height\" content=\"1350\" \/>\n\t<meta property=\"og:image:type\" content=\"image\/jpeg\" \/>\n<meta name=\"twitter:card\" content=\"summary_large_image\" \/>\n<meta name=\"twitter:label1\" content=\"Est. reading time\" \/>\n\t<meta name=\"twitter:data1\" content=\"3 minutes\" \/>\n<script type=\"application\/ld+json\" class=\"yoast-schema-graph\">{\"@context\":\"https:\/\/schema.org\",\"@graph\":[{\"@type\":\"WebPage\",\"@id\":\"https:\/\/www.fondationhardt.ch\/en\/title1\/archives_en\/\",\"url\":\"https:\/\/www.fondationhardt.ch\/en\/title1\/archives_en\/\",\"name\":\"Past Conferences and events\",\"isPartOf\":{\"@id\":\"https:\/\/www.fondationhardt.ch\/#website\"},\"datePublished\":\"2014-04-29T05:42:22+00:00\",\"dateModified\":\"2026-02-23T11:10:30+00:00\",\"description\":\"Programmes of events held at the Hardt Foundation\",\"breadcrumb\":{\"@id\":\"https:\/\/www.fondationhardt.ch\/en\/title1\/archives_en\/#breadcrumb\"},\"inLanguage\":\"en-US\",\"potentialAction\":[{\"@type\":\"ReadAction\",\"target\":[\"https:\/\/www.fondationhardt.ch\/en\/title1\/archives_en\/\"]}]},{\"@type\":\"BreadcrumbList\",\"@id\":\"https:\/\/www.fondationhardt.ch\/en\/title1\/archives_en\/#breadcrumb\",\"itemListElement\":[{\"@type\":\"ListItem\",\"position\":1,\"name\":\"Accueil\",\"item\":\"https:\/\/www.fondationhardt.ch\/\"},{\"@type\":\"ListItem\",\"position\":2,\"name\":\"Conferences and events\",\"item\":\"https:\/\/www.fondationhardt.ch\/en\/title1\/\"},{\"@type\":\"ListItem\",\"position\":3,\"name\":\"Past Conferences and events\"}]},{\"@type\":\"WebSite\",\"@id\":\"https:\/\/www.fondationhardt.ch\/#website\",\"url\":\"https:\/\/www.fondationhardt.ch\/\",\"name\":\"Fondation Hardt\",\"description\":\"Fondation pour l&#039;\u00e9tude de l&#039;antiquit\u00e9 classique, promotion de l&#039;\u00e9tude de l&#039;Antiquit\u00e9 classique.\",\"potentialAction\":[{\"@type\":\"SearchAction\",\"target\":{\"@type\":\"EntryPoint\",\"urlTemplate\":\"https:\/\/www.fondationhardt.ch\/?s={search_term_string}\"},\"query-input\":\"required name=search_term_string\"}],\"inLanguage\":\"en-US\"}]}<\/script>\n<!-- \/ Yoast SEO plugin. -->","yoast_head_json":{"title":"Past Conferences and events","description":"Programmes of events held at the Hardt Foundation","robots":{"index":"index","follow":"follow","max-snippet":"max-snippet:-1","max-image-preview":"max-image-preview:large","max-video-preview":"max-video-preview:-1"},"canonical":"https:\/\/www.fondationhardt.ch\/en\/title1\/archives_en\/","og_locale":"en_US","og_type":"article","og_title":"Past Conferences and events","og_description":"Programmes of events held at the Hardt Foundation","og_url":"https:\/\/www.fondationhardt.ch\/en\/title1\/archives_en\/","og_site_name":"Fondation Hardt","article_modified_time":"2026-02-23T11:10:30+00:00","og_image":[{"width":1800,"height":1350,"url":"https:\/\/www.fondationhardt.ch\/wp-content\/uploads\/2014\/04\/Colloques-pass\u00e9s.jpg","type":"image\/jpeg"}],"twitter_card":"summary_large_image","twitter_misc":{"Est. reading time":"3 minutes"},"schema":{"@context":"https:\/\/schema.org","@graph":[{"@type":"WebPage","@id":"https:\/\/www.fondationhardt.ch\/en\/title1\/archives_en\/","url":"https:\/\/www.fondationhardt.ch\/en\/title1\/archives_en\/","name":"Past Conferences and events","isPartOf":{"@id":"https:\/\/www.fondationhardt.ch\/#website"},"datePublished":"2014-04-29T05:42:22+00:00","dateModified":"2026-02-23T11:10:30+00:00","description":"Programmes of events held at the Hardt Foundation","breadcrumb":{"@id":"https:\/\/www.fondationhardt.ch\/en\/title1\/archives_en\/#breadcrumb"},"inLanguage":"en-US","potentialAction":[{"@type":"ReadAction","target":["https:\/\/www.fondationhardt.ch\/en\/title1\/archives_en\/"]}]},{"@type":"BreadcrumbList","@id":"https:\/\/www.fondationhardt.ch\/en\/title1\/archives_en\/#breadcrumb","itemListElement":[{"@type":"ListItem","position":1,"name":"Accueil","item":"https:\/\/www.fondationhardt.ch\/"},{"@type":"ListItem","position":2,"name":"Conferences and events","item":"https:\/\/www.fondationhardt.ch\/en\/title1\/"},{"@type":"ListItem","position":3,"name":"Past Conferences and events"}]},{"@type":"WebSite","@id":"https:\/\/www.fondationhardt.ch\/#website","url":"https:\/\/www.fondationhardt.ch\/","name":"Fondation Hardt","description":"Fondation pour l&#039;\u00e9tude de l&#039;antiquit\u00e9 classique, promotion de l&#039;\u00e9tude de l&#039;Antiquit\u00e9 classique.","potentialAction":[{"@type":"SearchAction","target":{"@type":"EntryPoint","urlTemplate":"https:\/\/www.fondationhardt.ch\/?s={search_term_string}"},"query-input":"required name=search_term_string"}],"inLanguage":"en-US"}]}},"_links":{"self":[{"href":"https:\/\/www.fondationhardt.ch\/en\/wp-json\/wp\/v2\/pages\/388","targetHints":{"allow":["GET"]}}],"collection":[{"href":"https:\/\/www.fondationhardt.ch\/en\/wp-json\/wp\/v2\/pages"}],"about":[{"href":"https:\/\/www.fondationhardt.ch\/en\/wp-json\/wp\/v2\/types\/page"}],"author":[{"embeddable":true,"href":"https:\/\/www.fondationhardt.ch\/en\/wp-json\/wp\/v2\/users\/1"}],"replies":[{"embeddable":true,"href":"https:\/\/www.fondationhardt.ch\/en\/wp-json\/wp\/v2\/comments?post=388"}],"version-history":[{"count":145,"href":"https:\/\/www.fondationhardt.ch\/en\/wp-json\/wp\/v2\/pages\/388\/revisions"}],"predecessor-version":[{"id":12974,"href":"https:\/\/www.fondationhardt.ch\/en\/wp-json\/wp\/v2\/pages\/388\/revisions\/12974"}],"up":[{"embeddable":true,"href":"https:\/\/www.fondationhardt.ch\/en\/wp-json\/wp\/v2\/pages\/384"}],"wp:featuredmedia":[{"embeddable":true,"href":"https:\/\/www.fondationhardt.ch\/en\/wp-json\/wp\/v2\/media\/1664"}],"wp:attachment":[{"href":"https:\/\/www.fondationhardt.ch\/en\/wp-json\/wp\/v2\/media?parent=388"}],"curies":[{"name":"wp","href":"https:\/\/api.w.org\/{rel}","templated":true}]}}